{"id":339,"date":"2024-05-20T16:31:32","date_gmt":"2024-05-20T16:31:32","guid":{"rendered":"https:\/\/hcnjusstg.wpenginepowered.com\/visionzero\/?page_id=339"},"modified":"2025-01-28T18:52:43","modified_gmt":"2025-01-28T18:52:43","slug":"grupo-de-trabajo","status":"publish","type":"page","link":"https:\/\/www.hcnj.us\/visionzero\/grupo-de-trabajo\/","title":{"rendered":"Grupo de Trabajo"},"content":{"rendered":"<p>[et_pb_section fb_built=&#8221;1&#8243; _builder_version=&#8221;4.19.0&#8243; _module_preset=&#8221;default&#8221; custom_padding=&#8221;0px||3px|||&#8221; global_colors_info=&#8221;{}&#8221;][et_pb_row _builder_version=&#8221;4.19.0&#8243; _module_preset=&#8221;default&#8221; custom_padding=&#8221;||0px|||&#8221; global_colors_info=&#8221;{}&#8221;][et_pb_column type=&#8221;4_4&#8243; _builder_version=&#8221;4.19.0&#8243; _module_preset=&#8221;default&#8221; global_colors_info=&#8221;{}&#8221;][et_pb_text _builder_version=&#8221;4.24.2&#8243; _module_preset=&#8221;default&#8221; header_2_font=&#8221;|600||on|||||&#8221; header_2_font_size=&#8221;40px&#8221; custom_margin=&#8221;8px||10px||false|false&#8221; header_2_font_size_tablet=&#8221;42px&#8221; header_2_font_size_phone=&#8221;30px&#8221; header_2_font_size_last_edited=&#8221;on|phone&#8221; header_2_line_height_tablet=&#8221;1.2em&#8221; header_2_line_height_phone=&#8221;&#8221; header_2_line_height_last_edited=&#8221;on|tablet&#8221; locked=&#8221;off&#8221; global_colors_info=&#8221;{}&#8221;]<\/p>\n<h2 style=\"text-align: center;\">Grupo De Trabajo Visi\u00f3n Cero<\/h2>\n<p>[\/et_pb_text][\/et_pb_column][\/et_pb_row][et_pb_row _builder_version=&#8221;4.24.2&#8243; _module_preset=&#8221;default&#8221; custom_padding=&#8221;16px||15px|||&#8221; global_colors_info=&#8221;{}&#8221;][et_pb_column type=&#8221;4_4&#8243; _builder_version=&#8221;4.24.2&#8243; _module_preset=&#8221;default&#8221; global_colors_info=&#8221;{}&#8221;][et_pb_text _builder_version=&#8221;4.24.2&#8243; _module_preset=&#8221;default&#8221; text_text_color=&#8221;#141414&#8243; text_font_size=&#8221;19px&#8221; header_2_font=&#8221;|||on|||||&#8221; header_2_font_size=&#8221;27px&#8221; custom_margin=&#8221;||10px||false|false&#8221; header_2_font_size_tablet=&#8221;42px&#8221; header_2_font_size_phone=&#8221;30px&#8221; header_2_font_size_last_edited=&#8221;on|phone&#8221; header_2_line_height_tablet=&#8221;1.2em&#8221; header_2_line_height_phone=&#8221;&#8221; header_2_line_height_last_edited=&#8221;on|tablet&#8221; locked=&#8221;off&#8221; global_colors_info=&#8221;{}&#8221;]<\/p>\n<p style=\"text-align: center;\">El Grupo de Trabajo fue creado mediante orden ejecutiva en agosto de 2023 y garantiza la colaboraci\u00f3n de los departamentos del condado, los gobiernos municipales, las agencias regionales y los grupos comunitarios para desarrollar el Plan de Acci\u00f3n Visi\u00f3n Cero.<\/p>\n<p>[\/et_pb_text][\/et_pb_column][\/et_pb_row][et_pb_row column_structure=&#8221;1_4,3_4&#8243; _builder_version=&#8221;4.16&#8243; _module_preset=&#8221;default&#8221; locked=&#8221;off&#8221; global_colors_info=&#8221;{}&#8221;][et_pb_column type=&#8221;1_4&#8243; _builder_version=&#8221;4.16&#8243; _module_preset=&#8221;default&#8221; global_colors_info=&#8221;{}&#8221;][et_pb_image src=&#8221;https:\/\/www.hcnj.us\/visionzero\/wp-content\/uploads\/sites\/22\/2024\/05\/CE_Craig_Guy_Headshot_May2024.png&#8221; title_text=&#8221;CE_Craig_Guy_Headshot_May2024&#8243; _builder_version=&#8221;4.24.2&#8243; _module_preset=&#8221;default&#8221; z_index=&#8221;1&#8243; width=&#8221;85%&#8221; module_alignment=&#8221;center&#8221; custom_margin=&#8221;|-33px|0px||false|false&#8221; global_colors_info=&#8221;{}&#8221;][\/et_pb_image][\/et_pb_column][et_pb_column type=&#8221;3_4&#8243; _builder_version=&#8221;4.16&#8243; _module_preset=&#8221;default&#8221; global_colors_info=&#8221;{}&#8221;][et_pb_divider show_divider=&#8221;off&#8221; _builder_version=&#8221;4.19.0&#8243; _module_preset=&#8221;default&#8221; background_color=&#8221;#007698&#8243; max_width=&#8221;100%&#8221; module_alignment=&#8221;left&#8221; height=&#8221;20px&#8221; custom_margin=&#8221;||16px||false|false&#8221; locked=&#8221;off&#8221; global_colors_info=&#8221;{}&#8221;][\/et_pb_divider][et_pb_text _builder_version=&#8221;4.24.2&#8243; _module_preset=&#8221;default&#8221; text_text_color=&#8221;#141414&#8243; text_font_size=&#8221;19px&#8221; header_2_font=&#8221;|||on|||||&#8221; header_2_font_size=&#8221;27px&#8221; custom_margin=&#8221;||10px||false|false&#8221; header_2_font_size_tablet=&#8221;42px&#8221; header_2_font_size_phone=&#8221;30px&#8221; header_2_font_size_last_edited=&#8221;on|phone&#8221; header_2_line_height_tablet=&#8221;1.2em&#8221; header_2_line_height_phone=&#8221;&#8221; header_2_line_height_last_edited=&#8221;on|tablet&#8221; locked=&#8221;off&#8221; global_colors_info=&#8221;{}&#8221;]<\/p>\n<h2>Craig Guy<\/h2>\n<p>Ejecutivo del Condado<\/p>\n<p>[\/et_pb_text][\/et_pb_column][\/et_pb_row][et_pb_row _builder_version=&#8221;4.16&#8243; _module_preset=&#8221;default&#8221; locked=&#8221;off&#8221; global_colors_info=&#8221;{}&#8221;][et_pb_column type=&#8221;4_4&#8243; _builder_version=&#8221;4.16&#8243; _module_preset=&#8221;default&#8221; global_colors_info=&#8221;{}&#8221;][et_pb_divider show_divider=&#8221;off&#8221; _builder_version=&#8221;4.19.0&#8243; _module_preset=&#8221;default&#8221; background_color=&#8221;#ffab31&#8243; max_width=&#8221;100%&#8221; module_alignment=&#8221;left&#8221; height=&#8221;20px&#8221; custom_margin=&#8221;||16px||false|false&#8221; locked=&#8221;off&#8221; global_colors_info=&#8221;{}&#8221;][\/et_pb_divider][et_pb_text _builder_version=&#8221;4.24.2&#8243; _module_preset=&#8221;default&#8221; text_text_color=&#8221;#141414&#8243; text_font_size=&#8221;19px&#8221; header_2_font=&#8221;|||on|||||&#8221; header_2_font_size=&#8221;27px&#8221; custom_margin=&#8221;||10px||false|false&#8221; header_2_font_size_tablet=&#8221;42px&#8221; header_2_font_size_phone=&#8221;30px&#8221; header_2_font_size_last_edited=&#8221;on|phone&#8221; header_2_line_height_tablet=&#8221;1.2em&#8221; header_2_line_height_phone=&#8221;&#8221; header_2_line_height_last_edited=&#8221;on|tablet&#8221; locked=&#8221;off&#8221; global_colors_info=&#8221;{}&#8221;]<\/p>\n<h2>CONDADO<\/h2>\n<p>[\/et_pb_text][et_pb_text _builder_version=&#8221;4.24.2&#8243; _module_preset=&#8221;default&#8221; text_text_color=&#8221;#232323&#8243; custom_margin=&#8221;||1px|||&#8221; global_colors_info=&#8221;{}&#8221;]<\/p>\n<table width=\"978\" 96px=\"\" style=\"height: 418px;\">\n<tbody>\n<tr style=\"height: 24px;\">\n<td style=\"height: 29px; width: 425.203px;\"><strong>Designada Ejecutiva Del Condado<\/strong><\/td>\n<td style=\"height: 29px; width: 536.797px;\">Francesca Giarratana, AICP, PP, Subdirectora De Planificaci\u00f3n Y Oportunidades Comerciales Del Condado De Hudson<\/td>\n<\/tr>\n<tr style=\"height: 24px;\">\n<td style=\"height: 29px; width: 425.203px;\"><strong>Coordinador Ejecutivo De La Comunidad Del Condado<\/strong><\/td>\n<td style=\"height: 29px; width: 536.797px;\">Florence Holmes<\/td>\n<\/tr>\n<tr style=\"height: 24px;\">\n<td style=\"height: 24px; width: 425.203px;\"><strong>Comisionados Del Condado<\/strong><\/td>\n<td style=\"height: 24px; width: 536.797px;\">Comisionado William O\u2019Dea (Distrito 2)<\/td>\n<\/tr>\n<tr style=\"height: 24px;\">\n<td style=\"height: 24px; width: 425.203px;\"><strong>Comisionados Del Condado<\/strong><\/td>\n<td style=\"width: 536.797px; height: 24px;\">Comisionado Presidente, Anthony L. Romano (Distrito 5)<\/td>\n<\/tr>\n<tr style=\"height: 48px;\">\n<td style=\"height: 48px; width: 425.203px;\"><strong>Planificaci\u00f3n Y Oportunidades Comerciales Del Condado De Hudson<\/strong><\/td>\n<td style=\"width: 536.797px; height: 48px;\">Byron Nicholas, AICP, PP, Jefe De La Divisi\u00f3n De Planificaci\u00f3n<\/td>\n<\/tr>\n<tr style=\"height: 48px;\">\n<td style=\"height: 48px; width: 425.203px;\"><strong>Planificaci\u00f3n Y Oportunidades Comerciales Del Condado De Hudson<\/strong><\/td>\n<td style=\"width: 536.797px; height: 48px;\">Kevin Force, AICP, PP, Planificador Supervisor<\/td>\n<\/tr>\n<tr style=\"height: 24px;\">\n<td style=\"height: 24px; width: 425.203px;\"><strong>Ingenier\u00eda del Condado de Hudson<\/strong><\/td>\n<td style=\"width: 536.797px; height: 24px;\">Thomas Malavasi, PE, PP, Ingeniero del Condado<\/td>\n<\/tr>\n<tr style=\"height: 48px;\">\n<td style=\"height: 48px; width: 425.203px;\"><strong>Departamento de Carreteras y Propiedad P\u00fablica del Condado de Hudson<\/strong><\/td>\n<td style=\"width: 536.797px; height: 48px;\">\u00a0Jos\u00e9 M. Sieira, Director de Tr\u00e1fico y Transporte<\/td>\n<\/tr>\n<tr style=\"height: 24px;\">\n<td style=\"height: 24px; width: 425.203px;\"><strong>Oficina Del Sheriff Del Condado De Hudson<\/strong><\/td>\n<td style=\"width: 536.797px; height: 24px;\">Andrew Conti, Andrew Conti, Subsheriff Ejecutivo<\/td>\n<\/tr>\n<tr style=\"height: 24px;\">\n<td style=\"height: 24px; width: 425.203px;\"><strong>Departamento Legal del Condado de Hudson<\/strong><\/td>\n<td style=\"height: 24px; width: 536.797px;\">Laura J. Wadleigh, Consejera Adjunta del Condado<\/td>\n<\/tr>\n<tr style=\"height: 48px;\">\n<td style=\"height: 48px; width: 425.203px;\"><strong>Unidad Regional De Colisiones Fatales De La Fiscal\u00eda Del Condado De Hudson<\/strong><\/td>\n<td style=\"width: 536.797px; height: 48px;\">El Sargento. Joseph Bisone, L\u00edder De La Unidad<\/td>\n<\/tr>\n<tr style=\"height: 24px;\">\n<td style=\"height: 24px; width: 425.203px;\"><strong>Comisi\u00f3n de Salud Regional de Hudson (HRHC)<\/strong><\/td>\n<td style=\"width: 536.797px; height: 24px;\">Christina Butieb-Bianco, Coordinadora del Programa<\/td>\n<\/tr>\n<tr style=\"height: 24px;\">\n<td style=\"height: 24px; width: 425.203px;\"><strong>Hudson TMA<\/strong><\/td>\n<td style=\"width: 536.797px; height: 24px;\">Luis Delgado, Director Ejecutivo<\/td>\n<\/tr>\n<\/tbody>\n<\/table>\n<p>[\/et_pb_text][\/et_pb_column][\/et_pb_row][et_pb_row _builder_version=&#8221;4.16&#8243; _module_preset=&#8221;default&#8221; locked=&#8221;off&#8221; global_colors_info=&#8221;{}&#8221;][et_pb_column type=&#8221;4_4&#8243; _builder_version=&#8221;4.16&#8243; _module_preset=&#8221;default&#8221; global_colors_info=&#8221;{}&#8221;][et_pb_divider show_divider=&#8221;off&#8221; _builder_version=&#8221;4.19.0&#8243; _module_preset=&#8221;default&#8221; background_color=&#8221;#f9f053&#8243; max_width=&#8221;100%&#8221; module_alignment=&#8221;left&#8221; height=&#8221;20px&#8221; custom_margin=&#8221;||16px||false|false&#8221; locked=&#8221;off&#8221; global_colors_info=&#8221;{}&#8221;][\/et_pb_divider][et_pb_text _builder_version=&#8221;4.24.2&#8243; _module_preset=&#8221;default&#8221; text_text_color=&#8221;#141414&#8243; text_font_size=&#8221;19px&#8221; header_2_font=&#8221;|||on|||||&#8221; header_2_font_size=&#8221;27px&#8221; custom_margin=&#8221;||10px||false|false&#8221; header_2_font_size_tablet=&#8221;42px&#8221; header_2_font_size_phone=&#8221;30px&#8221; header_2_font_size_last_edited=&#8221;on|phone&#8221; header_2_line_height_tablet=&#8221;1.2em&#8221; header_2_line_height_phone=&#8221;&#8221; header_2_line_height_last_edited=&#8221;on|tablet&#8221; locked=&#8221;off&#8221; global_colors_info=&#8221;{}&#8221;]<\/p>\n<h2>AGENCIAS<\/h2>\n<p>[\/et_pb_text][et_pb_text _builder_version=&#8221;4.24.2&#8243; _module_preset=&#8221;default&#8221; text_text_color=&#8221;#232323&#8243; global_colors_info=&#8221;{}&#8221;]<\/p>\n<table width=\"978\" style=\"height: 96px;\">\n<tbody>\n<tr style=\"height: 24px;\">\n<td style=\"height: 24px; width: 351.734px;\"><strong>Departamento De Transporte De Nueva Jersey<\/strong><\/td>\n<td style=\"height: 24px; width: 610.266px;\">Elise Bremer-Nei, Coordinadora De Peatones Y Bicicletas<\/td>\n<\/tr>\n<tr style=\"height: 24px;\">\n<td style=\"height: 24px; width: 351.734px;\"><strong>NJ Transit<\/strong><\/td>\n<td style=\"height: 24px; width: 610.266px;\">Megan Massey, Directora, Planificaci\u00f3n Adaptada Al Transporte<\/td>\n<\/tr>\n<tr style=\"height: 24px;\">\n<td style=\"height: 24px; width: 351.734px;\"><strong>Autoridad de Planificaci\u00f3n del Transporte del Norte de Jersey<\/strong><\/td>\n<td style=\"height: 24px; width: 610.266px;\">Lois Goldman, Directora de Planificaci\u00f3n del Transporte de Largo Plazo<\/td>\n<\/tr>\n<tr style=\"height: 24px;\">\n<td style=\"height: 24px; width: 351.734px;\"><strong>Autoridad de Deportes y Exposiciones de Nueva Jersey<\/strong><\/td>\n<td style=\"height: 24px; width: 610.266px;\">Nadereh (Nady) Moini Ph.D., PE, PTOE, PTP, Jefe de Transporte<\/td>\n<\/tr>\n<\/tbody>\n<\/table>\n<p>[\/et_pb_text][\/et_pb_column][\/et_pb_row][et_pb_row _builder_version=&#8221;4.16&#8243; _module_preset=&#8221;default&#8221; locked=&#8221;off&#8221; global_colors_info=&#8221;{}&#8221;][et_pb_column type=&#8221;4_4&#8243; _builder_version=&#8221;4.16&#8243; _module_preset=&#8221;default&#8221; global_colors_info=&#8221;{}&#8221;][et_pb_divider show_divider=&#8221;off&#8221; _builder_version=&#8221;4.19.0&#8243; _module_preset=&#8221;default&#8221; background_color=&#8221;#b2b2b7&#8243; max_width=&#8221;100%&#8221; module_alignment=&#8221;left&#8221; height=&#8221;20px&#8221; custom_margin=&#8221;||16px||false|false&#8221; locked=&#8221;off&#8221; global_colors_info=&#8221;{}&#8221;][\/et_pb_divider][et_pb_text _builder_version=&#8221;4.24.2&#8243; _module_preset=&#8221;default&#8221; text_text_color=&#8221;#141414&#8243; text_font_size=&#8221;19px&#8221; header_2_font=&#8221;|||on|||||&#8221; header_2_font_size=&#8221;27px&#8221; custom_margin=&#8221;||10px||false|false&#8221; header_2_font_size_tablet=&#8221;42px&#8221; header_2_font_size_phone=&#8221;30px&#8221; header_2_font_size_last_edited=&#8221;on|phone&#8221; header_2_line_height_tablet=&#8221;1.2em&#8221; header_2_line_height_phone=&#8221;&#8221; header_2_line_height_last_edited=&#8221;on|tablet&#8221; locked=&#8221;off&#8221; global_colors_info=&#8221;{}&#8221;]<\/p>\n<h2>MUNICIPIOS<\/h2>\n<p>[\/et_pb_text][et_pb_text _builder_version=&#8221;4.27.4&#8243; _module_preset=&#8221;default&#8221; text_text_color=&#8221;#232323&#8243; hover_enabled=&#8221;0&#8243; global_colors_info=&#8221;{}&#8221; sticky_enabled=&#8221;0&#8243;]<\/p>\n<table width=\"978\" style=\"height: 96px;\" height:=\"\" 24px=\"\">\n<tbody>\n<tr>\n<td style=\"height: 24px; width: 351px;\"><strong>Alcalde de Bayonne<\/strong><\/td>\n<td style=\"height: 24px; width: 610px;\">Hble. James Davis (designado asignado: Sue Mack, urbanista)<\/td>\n<\/tr>\n<tr style=\"height: 24px;\">\n<td style=\"height: 24px; width: 351px;\"><strong>Alcalde de East Newark<\/strong><\/td>\n<td style=\"height: 24px; width: 610px;\">Hble. Dina Grillo (Designada asignada \u2013 Sargento Robert Tomasko)<\/td>\n<\/tr>\n<tr style=\"height: 48px;\">\n<td style=\"height: 48px; width: 351px;\"><strong>Alcalde de Guttenberg<\/strong><\/td>\n<td style=\"height: 48px; width: 610px;\">Hble. Wayne Zitt (Director designado de la Autoridad de Vivienda de Guttenberg, Ruddys Andrade)<\/td>\n<\/tr>\n<tr style=\"height: 24px;\">\n<td style=\"height: 24px; width: 351px;\"><strong>Alcalde de Harrison<\/strong><\/td>\n<td style=\"height: 24px; width: 610px;\">Hble. James Fife (designado asignado: Paul Zarbetski, abogado municipal)<\/td>\n<\/tr>\n<tr style=\"height: 24px;\">\n<td style=\"height: 24px; width: 351px;\"><strong>Alcalde de Hoboken<\/strong><\/td>\n<td style=\"width: 610px;\">Hble. Ravinder Bhalla (designado asignado: Gregory Francese, AICP, planificador de transporte)<\/td>\n<\/tr>\n<tr style=\"height: 24px;\">\n<td style=\"height: 24px; width: 351px;\"><strong>Alcalde de Jersey City<\/strong><\/td>\n<td style=\"height: 24px; width: 610px;\">Hble. Steven Fulop (Designado Asignado: Michael Manzella, AICP, PP, Director de Transporte)<\/td>\n<\/tr>\n<tr style=\"height: 24px;\">\n<td style=\"height: 24px; width: 351px;\"><strong>Alcalde de Kearny<\/strong><\/td>\n<td style=\"height: 24px; width: 610px;\">Hble. Carol Jean Doyle (Designada Asignada: Stephen D. Marks, AICP, administrador municipal de PP)<\/td>\n<\/tr>\n<tr style=\"height: 24px;\">\n<td style=\"height: 24px; width: 351px;\"><strong>Alcalde de North Bergen<\/strong><\/td>\n<td style=\"width: 610px;\">Hble. Nicholas Sacco (Designado Asignado: Janet Castro, Administradora De Empresas)<\/td>\n<\/tr>\n<tr style=\"height: 24px;\">\n<td style=\"height: 24px; width: 351px;\"><strong>Alcalde de Secaucus<\/strong><\/td>\n<td style=\"height: 24px; width: 610px;\">Hble. Michael Gonnelli (Designado Asignado \u2013 Capit\u00e1n Martin Moreda, Oficina de Tr\u00e1fico)<\/td>\n<\/tr>\n<tr style=\"height: 24px;\">\n<td style=\"height: 24px; width: 351px;\"><strong>Alcalde de Union City<\/strong><\/td>\n<td style=\"height: 24px; width: 610px;\">Hble. Brian Stack (Designado Asignado: Capit\u00e1n Archie Cuellar, polic\u00eda de Union City)<\/td>\n<\/tr>\n<tr style=\"height: 48px;\">\n<td style=\"height: 48px; width: 351px;\"><strong>Alcalde de Weehawken<\/strong><\/td>\n<td style=\"height: 48px; width: 610px;\">Hble. Richard Turner (Designado Asignado: Ray Feliciano, Director de Parques y Obras P\u00fablicas)<\/td>\n<\/tr>\n<tr style=\"height: 24px;\">\n<td style=\"height: 24px; width: 351px;\"><strong>Alcalde de West New York<\/strong><\/td>\n<td style=\"height: 24px; width: 610px;\">Hble.\u00a0Albio Sires (Designado Asignado &#8211; C\u00e9sar Aguirre, Gerente de Proyectos Especiales)<\/td>\n<\/tr>\n<\/tbody>\n<\/table>\n<p>[\/et_pb_text][\/et_pb_column][\/et_pb_row][et_pb_row _builder_version=&#8221;4.16&#8243; _module_preset=&#8221;default&#8221; locked=&#8221;off&#8221; global_colors_info=&#8221;{}&#8221;][et_pb_column type=&#8221;4_4&#8243; _builder_version=&#8221;4.16&#8243; _module_preset=&#8221;default&#8221; global_colors_info=&#8221;{}&#8221;][et_pb_divider show_divider=&#8221;off&#8221; _builder_version=&#8221;4.19.0&#8243; _module_preset=&#8221;default&#8221; background_color=&#8221;#007698&#8243; max_width=&#8221;100%&#8221; module_alignment=&#8221;left&#8221; height=&#8221;20px&#8221; custom_margin=&#8221;||16px||false|false&#8221; locked=&#8221;off&#8221; global_colors_info=&#8221;{}&#8221;][\/et_pb_divider][et_pb_text _builder_version=&#8221;4.24.2&#8243; _module_preset=&#8221;default&#8221; text_text_color=&#8221;#141414&#8243; text_font_size=&#8221;19px&#8221; header_2_font=&#8221;|||on|||||&#8221; header_2_font_size=&#8221;27px&#8221; custom_margin=&#8221;||10px||false|false&#8221; header_2_font_size_tablet=&#8221;42px&#8221; header_2_font_size_phone=&#8221;30px&#8221; header_2_font_size_last_edited=&#8221;on|phone&#8221; header_2_line_height_tablet=&#8221;1.2em&#8221; header_2_line_height_phone=&#8221;&#8221; header_2_line_height_last_edited=&#8221;on|tablet&#8221; locked=&#8221;off&#8221; global_colors_info=&#8221;{}&#8221;]<\/p>\n<h2>GRUPOS DE APOYO<\/h2>\n<p>[\/et_pb_text][et_pb_text _builder_version=&#8221;4.27.4&#8243; _module_preset=&#8221;default&#8221; text_text_color=&#8221;#232323&#8243; global_colors_info=&#8221;{}&#8221;]<\/p>\n<table width=\"978\" style=\"height: 96px;\" height:=\"\" 24px=\"\">\n<tbody>\n<tr>\n<td style=\"height: 24px; width: 351px;\"><strong>Calles Completas Del Condado De Hudson<\/strong><\/td>\n<td width=\"621\" style=\"width: 618px;\">Talya Schwartz, Vicepresidenta<\/td>\n<\/tr>\n<tr style=\"height: 24px;\">\n<td style=\"height: 24px; width: 351px;\"><strong>Fundaci\u00f3n Catch You Later<\/strong><\/td>\n<td style=\"height: 24px; width: 618px;\">Pamela O&#8217;Donnell, Fundadora<\/td>\n<\/tr>\n<tr style=\"height: 24px;\">\n<td style=\"height: 24px; width: 351px;\"><strong><span data-olk-copy-source=\"MessageBody\">Bike North Bergen\u00a0<\/span><\/strong><\/td>\n<td style=\"height: 24px; width: 618px;\"><span data-olk-copy-source=\"MessageBody\"> Johan Andrade, Presidente<\/span><\/td>\n<\/tr>\n<\/tbody>\n<\/table>\n<p>[\/et_pb_text][et_pb_divider show_divider=&#8221;off&#8221; _builder_version=&#8221;4.19.0&#8243; _module_preset=&#8221;default&#8221; background_color=&#8221;#ffab31&#8243; max_width=&#8221;100%&#8221; module_alignment=&#8221;left&#8221; height=&#8221;20px&#8221; custom_margin=&#8221;||16px||false|false&#8221; locked=&#8221;off&#8221; global_colors_info=&#8221;{}&#8221;][\/et_pb_divider][et_pb_text _builder_version=&#8221;4.24.2&#8243; _module_preset=&#8221;default&#8221; text_text_color=&#8221;#141414&#8243; text_font_size=&#8221;19px&#8221; header_2_font=&#8221;|||on|||||&#8221; header_2_font_size=&#8221;27px&#8221; custom_margin=&#8221;||10px||false|false&#8221; header_2_font_size_tablet=&#8221;42px&#8221; header_2_font_size_phone=&#8221;30px&#8221; header_2_font_size_last_edited=&#8221;on|phone&#8221; header_2_line_height_tablet=&#8221;1.2em&#8221; header_2_line_height_phone=&#8221;&#8221; header_2_line_height_last_edited=&#8221;on|tablet&#8221; locked=&#8221;off&#8221; global_colors_info=&#8221;{}&#8221;]<\/p>\n<h2>PARTICIPATE<\/h2>\n<p>[\/et_pb_text][et_pb_text _builder_version=&#8221;4.24.2&#8243; _module_preset=&#8221;default&#8221; text_text_color=&#8221;#141414&#8243; text_font_size=&#8221;16px&#8221; header_2_font=&#8221;|||on|||||&#8221; header_2_font_size=&#8221;27px&#8221; custom_margin=&#8221;||10px||false|false&#8221; header_2_font_size_tablet=&#8221;42px&#8221; header_2_font_size_phone=&#8221;30px&#8221; header_2_font_size_last_edited=&#8221;on|phone&#8221; header_2_line_height_tablet=&#8221;1.2em&#8221; header_2_line_height_phone=&#8221;&#8221; header_2_line_height_last_edited=&#8221;on|tablet&#8221; locked=&#8221;off&#8221; global_colors_info=&#8221;{}&#8221;]<\/p>\n<p style=\"text-align: center;\">A lo largo de la primavera y el verano de 2024, habr\u00e1 oportunidades de participaci\u00f3n y aportes del p\u00fablico para dar forma a la creaci\u00f3n del Plan de Acci\u00f3n Visi\u00f3n Cero del Condado de Hudson.<\/p>\n<p>[\/et_pb_text][et_pb_code _builder_version=&#8221;4.24.2&#8243; _module_preset=&#8221;default&#8221; global_colors_info=&#8221;{}&#8221;]<a name=\"form3930783862shortCode\" id=\"formAnchor3930783862shortCode\"><\/a>\n<script src=\"https:\/\/fs4.formsite.com\/include\/form\/embedManager.js?3930783862shortCode\"><\/script>\n<script>\nEmbedManager.embed({\nkey: \"https:\/\/fs4.formsite.com\/res\/showFormEmbed?EParam=PyBo85CFjhFFbcgRIUIDlOe1bUO27YwAFzpUCZwnDno&3930783862shortCode\",\nwidth: \"100%\"\n});\n<\/script>\n[\/et_pb_code][\/et_pb_column][\/et_pb_row][\/et_pb_section]<\/p>\n","protected":false},"excerpt":{"rendered":"<p>Grupo De Trabajo Visi\u00f3n CeroEl Grupo de Trabajo fue creado mediante orden ejecutiva en agosto de 2023 y garantiza la colaboraci\u00f3n de los departamentos del condado, los gobiernos municipales, las [&hellip;]<\/p>\n","protected":false},"author":3,"featured_media":0,"parent":0,"menu_order":0,"comment_status":"closed","ping_status":"closed","template":"","meta":{"_acf_changed":false,"_et_pb_use_builder":"on","_et_pb_old_content":"","_et_gb_content_width":"","footnotes":""},"folder":[],"class_list":["post-339","page","type-page","status-publish","hentry"],"acf":[],"yoast_head":"<!-- This site is optimized with the Yoast SEO Premium plugin v25.8 (Yoast SEO v27.4) - https:\/\/yoast.com\/product\/yoast-seo-premium-wordpress\/ -->\n<title>Grupo de Trabajo - Vision Zero<\/title>\n<meta name=\"robots\" content=\"index, follow, max-snippet:-1, max-image-preview:large, max-video-preview:-1\" \/>\n<link rel=\"canonical\" href=\"https:\/\/www.hcnj.us\/visionzero\/grupo-de-trabajo\/\" \/>\n<meta property=\"og:locale\" content=\"en_US\" \/>\n<meta property=\"og:type\" content=\"article\" \/>\n<meta property=\"og:title\" content=\"Grupo de Trabajo\" \/>\n<meta property=\"og:description\" content=\"Grupo De Trabajo Visi\u00f3n CeroEl Grupo de Trabajo fue creado mediante orden ejecutiva en agosto de 2023 y garantiza la colaboraci\u00f3n de los departamentos del condado, los gobiernos municipales, las [&hellip;]\" \/>\n<meta property=\"og:url\" content=\"https:\/\/www.hcnj.us\/visionzero\/grupo-de-trabajo\/\" \/>\n<meta property=\"og:site_name\" content=\"Vision Zero\" \/>\n<meta property=\"article:modified_time\" content=\"2025-01-28T18:52:43+00:00\" \/>\n<meta name=\"twitter:card\" content=\"summary_large_image\" \/>\n<script type=\"application\/ld+json\" class=\"yoast-schema-graph\">{\"@context\":\"https:\\\/\\\/schema.org\",\"@graph\":[{\"@type\":\"WebPage\",\"@id\":\"https:\\\/\\\/www.hcnj.us\\\/visionzero\\\/grupo-de-trabajo\\\/\",\"url\":\"https:\\\/\\\/www.hcnj.us\\\/visionzero\\\/grupo-de-trabajo\\\/\",\"name\":\"Grupo de Trabajo - Vision Zero\",\"isPartOf\":{\"@id\":\"https:\\\/\\\/www.hcnj.us\\\/visionzero\\\/#website\"},\"datePublished\":\"2024-05-20T16:31:32+00:00\",\"dateModified\":\"2025-01-28T18:52:43+00:00\",\"breadcrumb\":{\"@id\":\"https:\\\/\\\/www.hcnj.us\\\/visionzero\\\/grupo-de-trabajo\\\/#breadcrumb\"},\"inLanguage\":\"en-US\",\"potentialAction\":[{\"@type\":\"ReadAction\",\"target\":[\"https:\\\/\\\/www.hcnj.us\\\/visionzero\\\/grupo-de-trabajo\\\/\"]}]},{\"@type\":\"BreadcrumbList\",\"@id\":\"https:\\\/\\\/www.hcnj.us\\\/visionzero\\\/grupo-de-trabajo\\\/#breadcrumb\",\"itemListElement\":[{\"@type\":\"ListItem\",\"position\":1,\"name\":\"Home\",\"item\":\"https:\\\/\\\/www.hcnj.us\\\/visionzero\\\/\"},{\"@type\":\"ListItem\",\"position\":2,\"name\":\"Grupo de Trabajo\"}]},{\"@type\":\"WebSite\",\"@id\":\"https:\\\/\\\/www.hcnj.us\\\/visionzero\\\/#website\",\"url\":\"https:\\\/\\\/www.hcnj.us\\\/visionzero\\\/\",\"name\":\"Vision Zero\",\"description\":\"Just another Hudson County New Jersey site\",\"potentialAction\":[{\"@type\":\"SearchAction\",\"target\":{\"@type\":\"EntryPoint\",\"urlTemplate\":\"https:\\\/\\\/www.hcnj.us\\\/visionzero\\\/?s={search_term_string}\"},\"query-input\":{\"@type\":\"PropertyValueSpecification\",\"valueRequired\":true,\"valueName\":\"search_term_string\"}}],\"inLanguage\":\"en-US\"}]}<\/script>\n<!-- \/ Yoast SEO Premium plugin. -->","yoast_head_json":{"title":"Grupo de Trabajo - Vision Zero","robots":{"index":"index","follow":"follow","max-snippet":"max-snippet:-1","max-image-preview":"max-image-preview:large","max-video-preview":"max-video-preview:-1"},"canonical":"https:\/\/www.hcnj.us\/visionzero\/grupo-de-trabajo\/","og_locale":"en_US","og_type":"article","og_title":"Grupo de Trabajo","og_description":"Grupo De Trabajo Visi\u00f3n CeroEl Grupo de Trabajo fue creado mediante orden ejecutiva en agosto de 2023 y garantiza la colaboraci\u00f3n de los departamentos del condado, los gobiernos municipales, las [&hellip;]","og_url":"https:\/\/www.hcnj.us\/visionzero\/grupo-de-trabajo\/","og_site_name":"Vision Zero","article_modified_time":"2025-01-28T18:52:43+00:00","twitter_card":"summary_large_image","schema":{"@context":"https:\/\/schema.org","@graph":[{"@type":"WebPage","@id":"https:\/\/www.hcnj.us\/visionzero\/grupo-de-trabajo\/","url":"https:\/\/www.hcnj.us\/visionzero\/grupo-de-trabajo\/","name":"Grupo de Trabajo - Vision Zero","isPartOf":{"@id":"https:\/\/www.hcnj.us\/visionzero\/#website"},"datePublished":"2024-05-20T16:31:32+00:00","dateModified":"2025-01-28T18:52:43+00:00","breadcrumb":{"@id":"https:\/\/www.hcnj.us\/visionzero\/grupo-de-trabajo\/#breadcrumb"},"inLanguage":"en-US","potentialAction":[{"@type":"ReadAction","target":["https:\/\/www.hcnj.us\/visionzero\/grupo-de-trabajo\/"]}]},{"@type":"BreadcrumbList","@id":"https:\/\/www.hcnj.us\/visionzero\/grupo-de-trabajo\/#breadcrumb","itemListElement":[{"@type":"ListItem","position":1,"name":"Home","item":"https:\/\/www.hcnj.us\/visionzero\/"},{"@type":"ListItem","position":2,"name":"Grupo de Trabajo"}]},{"@type":"WebSite","@id":"https:\/\/www.hcnj.us\/visionzero\/#website","url":"https:\/\/www.hcnj.us\/visionzero\/","name":"Vision Zero","description":"Just another Hudson County New Jersey site","potentialAction":[{"@type":"SearchAction","target":{"@type":"EntryPoint","urlTemplate":"https:\/\/www.hcnj.us\/visionzero\/?s={search_term_string}"},"query-input":{"@type":"PropertyValueSpecification","valueRequired":true,"valueName":"search_term_string"}}],"inLanguage":"en-US"}]}},"_links":{"self":[{"href":"https:\/\/www.hcnj.us\/visionzero\/wp-json\/wp\/v2\/pages\/339","targetHints":{"allow":["GET"]}}],"collection":[{"href":"https:\/\/www.hcnj.us\/visionzero\/wp-json\/wp\/v2\/pages"}],"about":[{"href":"https:\/\/www.hcnj.us\/visionzero\/wp-json\/wp\/v2\/types\/page"}],"author":[{"embeddable":true,"href":"https:\/\/www.hcnj.us\/visionzero\/wp-json\/wp\/v2\/users\/3"}],"replies":[{"embeddable":true,"href":"https:\/\/www.hcnj.us\/visionzero\/wp-json\/wp\/v2\/comments?post=339"}],"version-history":[{"count":0,"href":"https:\/\/www.hcnj.us\/visionzero\/wp-json\/wp\/v2\/pages\/339\/revisions"}],"wp:attachment":[{"href":"https:\/\/www.hcnj.us\/visionzero\/wp-json\/wp\/v2\/media?parent=339"}],"wp:term":[{"taxonomy":"folder","embeddable":true,"href":"https:\/\/www.hcnj.us\/visionzero\/wp-json\/wp\/v2\/folder?post=339"}],"curies":[{"name":"wp","href":"https:\/\/api.w.org\/{rel}","templated":true}]}}